{"id":3514,"date":"2023-11-15T18:32:54","date_gmt":"2023-11-15T18:32:54","guid":{"rendered":"http:\/\/vernettarestaurante.com\/?page_id=3514"},"modified":"2023-11-15T18:47:50","modified_gmt":"2023-11-15T18:47:50","slug":"ponencia-en-el-certamen-gastronomico-del-mediterraneo","status":"publish","type":"page","link":"http:\/\/vernettarestaurante.com\/index.php\/ponencia-en-el-certamen-gastronomico-del-mediterraneo\/","title":{"rendered":"Ponencia en el cert\u00e1men gastron\u00f3mico del mediterr\u00e1neo"},"content":{"rendered":"\t\t<div data-elementor-type=\"wp-page\" data-elementor-id=\"3514\" class=\"elementor elementor-3514\">\n\t\t\t\t\t\t\t\t\t<section class=\"elementor-section elementor-top-section elementor-element elementor-element-c9b99c6 elementor-section-boxed elementor-section-height-default elementor-section-height-default parallax_section_no qode_elementor_container_no qodef-elementor-content-no\" data-id=\"c9b99c6\" data-element_type=\"section\">\n\t\t\t\t\t\t<div class=\"elementor-container elementor-column-gap-default\">\n\t\t\t\t\t<div class=\"elementor-column elementor-col-100 elementor-top-column elementor-element elementor-element-8b41b3d\" data-id=\"8b41b3d\" data-element_type=\"column\">\n\t\t\t<div class=\"elementor-widget-wrap\">\n\t\t\t\t\t\t\t\t\t<\/div>\n\t\t<\/div>\n\t\t\t\t\t\t\t<\/div>\n\t\t<\/section>\n\t\t\t\t<section class=\"elementor-section elementor-top-section elementor-element elementor-element-a7ff567 elementor-section-boxed elementor-section-height-default elementor-section-height-default parallax_section_no qode_elementor_container_no qodef-elementor-content-no\" data-id=\"a7ff567\" data-element_type=\"section\">\n\t\t\t\t\t\t<div class=\"elementor-container elementor-column-gap-default\">\n\t\t\t\t\t<div class=\"elementor-column elementor-col-100 elementor-top-column elementor-element elementor-element-d6fd14c\" data-id=\"d6fd14c\" data-element_type=\"column\">\n\t\t\t<div class=\"elementor-widget-wrap\">\n\t\t\t\t\t\t\t\t\t<\/div>\n\t\t<\/div>\n\t\t\t\t\t\t\t<\/div>\n\t\t<\/section>\n\t\t\t\t<section class=\"elementor-section elementor-top-section elementor-element elementor-element-c1d89f5 elementor-section-boxed elementor-section-height-default elementor-section-height-default parallax_section_no qode_elementor_container_no qodef-elementor-content-no\" data-id=\"c1d89f5\" data-element_type=\"section\">\n\t\t\t\t\t\t<div class=\"elementor-container elementor-column-gap-default\">\n\t\t\t\t\t<div class=\"elementor-column elementor-col-100 elementor-top-column elementor-element elementor-element-a345cef\" data-id=\"a345cef\" data-element_type=\"column\">\n\t\t\t<div class=\"elementor-widget-wrap elementor-element-populated\">\n\t\t\t\t\t\t\t\t<div class=\"elementor-element elementor-element-01a3964 elementor-widget elementor-widget-heading\" data-id=\"01a3964\" data-element_type=\"widget\" data-widget_type=\"heading.default\">\n\t\t\t\t<div class=\"elementor-widget-container\">\n\t\t\t<style>\/*! elementor - v3.10.1 - 17-01-2023 *\/\n.elementor-heading-title{padding:0;margin:0;line-height:1}.elementor-widget-heading .elementor-heading-title[class*=elementor-size-]>a{color:inherit;font-size:inherit;line-height:inherit}.elementor-widget-heading .elementor-heading-title.elementor-size-small{font-size:15px}.elementor-widget-heading .elementor-heading-title.elementor-size-medium{font-size:19px}.elementor-widget-heading .elementor-heading-title.elementor-size-large{font-size:29px}.elementor-widget-heading .elementor-heading-title.elementor-size-xl{font-size:39px}.elementor-widget-heading .elementor-heading-title.elementor-size-xxl{font-size:59px}<\/style><h2 class=\"elementor-heading-title elementor-size-default\">Ponencia en el cert\u00e1men gastron\u00f3mico del mediterr\u00e1neo<\/h2>\t\t<\/div>\n\t\t\t\t<\/div>\n\t\t\t\t\t<\/div>\n\t\t<\/div>\n\t\t\t\t\t\t\t<\/div>\n\t\t<\/section>\n\t\t\t\t<section class=\"elementor-section elementor-top-section elementor-element elementor-element-6c1201c elementor-section-boxed elementor-section-height-default elementor-section-height-default parallax_section_no qode_elementor_container_no qodef-elementor-content-no\" data-id=\"6c1201c\" data-element_type=\"section\">\n\t\t\t\t\t\t<div class=\"elementor-container elementor-column-gap-default\">\n\t\t\t\t\t<div class=\"elementor-column elementor-col-100 elementor-top-column elementor-element elementor-element-f4f67fa\" data-id=\"f4f67fa\" data-element_type=\"column\">\n\t\t\t<div class=\"elementor-widget-wrap elementor-element-populated\">\n\t\t\t\t\t\t\t\t<div class=\"elementor-element elementor-element-3dc32cb elementor-widget elementor-widget-text-editor\" data-id=\"3dc32cb\" data-element_type=\"widget\" data-widget_type=\"text-editor.default\">\n\t\t\t\t<div class=\"elementor-widget-container\">\n\t\t\t<style>\/*! elementor - v3.10.1 - 17-01-2023 *\/\n.elementor-widget-text-editor.elementor-drop-cap-view-stacked .elementor-drop-cap{background-color:#818a91;color:#fff}.elementor-widget-text-editor.elementor-drop-cap-view-framed .elementor-drop-cap{color:#818a91;border:3px solid;background-color:transparent}.elementor-widget-text-editor:not(.elementor-drop-cap-view-default) .elementor-drop-cap{margin-top:8px}.elementor-widget-text-editor:not(.elementor-drop-cap-view-default) .elementor-drop-cap-letter{width:1em;height:1em}.elementor-widget-text-editor .elementor-drop-cap{float:left;text-align:center;line-height:1;font-size:50px}.elementor-widget-text-editor .elementor-drop-cap-letter{display:inline-block}<\/style>\t\t\t\t<p>Ponencia en el cert\u00e1men gastron\u00f3mico del mediterr\u00e1neo Gastr\u00f3noma para el Aula del Arroz de la DO Arroz de Valencia.<\/p><p><em><strong>Nuestro chef Pablo Garc\u00eda Vernetta el martes 14 noviembre 2023 en Feria Valencia.<\/strong><\/em><\/p>\t\t\t\t\t\t<\/div>\n\t\t\t\t<\/div>\n\t\t\t\t\t<\/div>\n\t\t<\/div>\n\t\t\t\t\t\t\t<\/div>\n\t\t<\/section>\n\t\t\t\t<section class=\"elementor-section elementor-top-section elementor-element elementor-element-229e6fe elementor-section-boxed elementor-section-height-default elementor-section-height-default parallax_section_no qode_elementor_container_no qodef-elementor-content-no\" data-id=\"229e6fe\" data-element_type=\"section\">\n\t\t\t\t\t\t<div class=\"elementor-container elementor-column-gap-default\">\n\t\t\t\t\t<div class=\"elementor-column elementor-col-100 elementor-top-column elementor-element elementor-element-1595c98\" data-id=\"1595c98\" data-element_type=\"column\">\n\t\t\t<div class=\"elementor-widget-wrap elementor-element-populated\">\n\t\t\t\t\t\t\t\t<div class=\"elementor-element elementor-element-0adde1e gallery-spacing-custom elementor-widget elementor-widget-image-gallery\" data-id=\"0adde1e\" data-element_type=\"widget\" data-widget_type=\"image-gallery.default\">\n\t\t\t\t<div class=\"elementor-widget-container\">\n\t\t\t<style>\/*! elementor - v3.10.1 - 17-01-2023 *\/\n.elementor-image-gallery .gallery-item{display:inline-block;text-align:center;vertical-align:top;width:100%;max-width:100%;margin:0 auto}.elementor-image-gallery .gallery-item img{margin:0 auto}.elementor-image-gallery .gallery-item .gallery-caption{margin:0}.elementor-image-gallery figure img{display:block}.elementor-image-gallery figure figcaption{width:100%}.gallery-spacing-custom .elementor-image-gallery .gallery-icon{padding:0}@media (min-width:768px){.elementor-image-gallery .gallery-columns-2 .gallery-item{max-width:50%}.elementor-image-gallery .gallery-columns-3 .gallery-item{max-width:33.33%}.elementor-image-gallery .gallery-columns-4 .gallery-item{max-width:25%}.elementor-image-gallery .gallery-columns-5 .gallery-item{max-width:20%}.elementor-image-gallery .gallery-columns-6 .gallery-item{max-width:16.666%}.elementor-image-gallery .gallery-columns-7 .gallery-item{max-width:14.28%}.elementor-image-gallery .gallery-columns-8 .gallery-item{max-width:12.5%}.elementor-image-gallery .gallery-columns-9 .gallery-item{max-width:11.11%}.elementor-image-gallery .gallery-columns-10 .gallery-item{max-width:10%}}@media (min-width:480px) and (max-width:767px){.elementor-image-gallery .gallery.gallery-columns-2 .gallery-item,.elementor-image-gallery .gallery.gallery-columns-3 .gallery-item,.elementor-image-gallery .gallery.gallery-columns-4 .gallery-item,.elementor-image-gallery .gallery.gallery-columns-5 .gallery-item,.elementor-image-gallery .gallery.gallery-columns-6 .gallery-item,.elementor-image-gallery .gallery.gallery-columns-7 .gallery-item,.elementor-image-gallery .gallery.gallery-columns-8 .gallery-item,.elementor-image-gallery .gallery.gallery-columns-9 .gallery-item,.elementor-image-gallery .gallery.gallery-columns-10 .gallery-item{max-width:50%}}@media (max-width:479px){.elementor-image-gallery .gallery.gallery-columns-2 .gallery-item,.elementor-image-gallery .gallery.gallery-columns-3 .gallery-item,.elementor-image-gallery .gallery.gallery-columns-4 .gallery-item,.elementor-image-gallery .gallery.gallery-columns-5 .gallery-item,.elementor-image-gallery .gallery.gallery-columns-6 .gallery-item,.elementor-image-gallery .gallery.gallery-columns-7 .gallery-item,.elementor-image-gallery .gallery.gallery-columns-8 .gallery-item,.elementor-image-gallery .gallery.gallery-columns-9 .gallery-item,.elementor-image-gallery .gallery.gallery-columns-10 .gallery-item{max-width:100%}}<\/style>\t\t<div class=\"elementor-image-gallery\">\n\t\t\t\n\t\t<style type=\"text\/css\">\n\t\t\t#gallery-1 {\n\t\t\t\tmargin: auto;\n\t\t\t}\n\t\t\t#gallery-1 .gallery-item {\n\t\t\t\tfloat: left;\n\t\t\t\tmargin-top: 10px;\n\t\t\t\ttext-align: center;\n\t\t\t\twidth: 33%;\n\t\t\t}\n\t\t\t#gallery-1 img {\n\t\t\t\tborder: 2px solid #cfcfcf;\n\t\t\t}\n\t\t\t#gallery-1 .gallery-caption {\n\t\t\t\tmargin-left: 0;\n\t\t\t}\n\t\t\t\/* see gallery_shortcode() in wp-includes\/media.php *\/\n\t\t<\/style>\n\t\t<div id='gallery-1' class='gallery galleryid-3514 gallery-columns-3 gallery-size-large'><dl class='gallery-item'>\n\t\t\t<dt class='gallery-icon landscape'>\n\t\t\t\t<a data-elementor-open-lightbox=\"yes\" data-elementor-lightbox-slideshow=\"0adde1e\" data-elementor-lightbox-title=\"vernetta (5)\" e-action-hash=\"#elementor-action%3Aaction%3Dlightbox%26settings%3DeyJpZCI6MzUyNCwidXJsIjoiaHR0cDpcL1wvdmVybmV0dGFyZXN0YXVyYW50ZS5jb21cL3dwLWNvbnRlbnRcL3VwbG9hZHNcLzIwMjNcLzExXC92ZXJuZXR0YS01LmpwZyIsInNsaWRlc2hvdyI6IjBhZGRlMWUifQ%3D%3D\" href='http:\/\/vernettarestaurante.com\/wp-content\/uploads\/2023\/11\/vernetta-5.jpg'><img loading=\"lazy\" decoding=\"async\" width=\"1024\" height=\"768\" src=\"http:\/\/vernettarestaurante.com\/wp-content\/uploads\/2023\/11\/vernetta-5-1024x768.jpg\" class=\"attachment-large size-large\" alt=\"\" srcset=\"http:\/\/vernettarestaurante.com\/wp-content\/uploads\/2023\/11\/vernetta-5-1024x768.jpg 1024w, http:\/\/vernettarestaurante.com\/wp-content\/uploads\/2023\/11\/vernetta-5-300x225.jpg 300w, http:\/\/vernettarestaurante.com\/wp-content\/uploads\/2023\/11\/vernetta-5-768x576.jpg 768w, http:\/\/vernettarestaurante.com\/wp-content\/uploads\/2023\/11\/vernetta-5-1536x1152.jpg 1536w, http:\/\/vernettarestaurante.com\/wp-content\/uploads\/2023\/11\/vernetta-5-800x600.jpg 800w, http:\/\/vernettarestaurante.com\/wp-content\/uploads\/2023\/11\/vernetta-5-700x525.jpg 700w, http:\/\/vernettarestaurante.com\/wp-content\/uploads\/2023\/11\/vernetta-5.jpg 1600w\" sizes=\"auto, (max-width: 1024px) 100vw, 1024px\" \/><\/a>\n\t\t\t<\/dt><\/dl><dl class='gallery-item'>\n\t\t\t<dt class='gallery-icon landscape'>\n\t\t\t\t<a data-elementor-open-lightbox=\"yes\" data-elementor-lightbox-slideshow=\"0adde1e\" data-elementor-lightbox-title=\"vernetta (2)\" e-action-hash=\"#elementor-action%3Aaction%3Dlightbox%26settings%3DeyJpZCI6MzUyMSwidXJsIjoiaHR0cDpcL1wvdmVybmV0dGFyZXN0YXVyYW50ZS5jb21cL3dwLWNvbnRlbnRcL3VwbG9hZHNcLzIwMjNcLzExXC92ZXJuZXR0YS0yLmpwZyIsInNsaWRlc2hvdyI6IjBhZGRlMWUifQ%3D%3D\" href='http:\/\/vernettarestaurante.com\/wp-content\/uploads\/2023\/11\/vernetta-2.jpg'><img loading=\"lazy\" decoding=\"async\" width=\"1024\" height=\"768\" src=\"http:\/\/vernettarestaurante.com\/wp-content\/uploads\/2023\/11\/vernetta-2-1024x768.jpg\" class=\"attachment-large size-large\" alt=\"\" srcset=\"http:\/\/vernettarestaurante.com\/wp-content\/uploads\/2023\/11\/vernetta-2-1024x768.jpg 1024w, http:\/\/vernettarestaurante.com\/wp-content\/uploads\/2023\/11\/vernetta-2-300x225.jpg 300w, http:\/\/vernettarestaurante.com\/wp-content\/uploads\/2023\/11\/vernetta-2-768x576.jpg 768w, http:\/\/vernettarestaurante.com\/wp-content\/uploads\/2023\/11\/vernetta-2-1536x1152.jpg 1536w, http:\/\/vernettarestaurante.com\/wp-content\/uploads\/2023\/11\/vernetta-2-800x600.jpg 800w, http:\/\/vernettarestaurante.com\/wp-content\/uploads\/2023\/11\/vernetta-2-700x525.jpg 700w, http:\/\/vernettarestaurante.com\/wp-content\/uploads\/2023\/11\/vernetta-2.jpg 1600w\" sizes=\"auto, (max-width: 1024px) 100vw, 1024px\" \/><\/a>\n\t\t\t<\/dt><\/dl><dl class='gallery-item'>\n\t\t\t<dt class='gallery-icon landscape'>\n\t\t\t\t<a data-elementor-open-lightbox=\"yes\" data-elementor-lightbox-slideshow=\"0adde1e\" data-elementor-lightbox-title=\"vernetta (3)\" e-action-hash=\"#elementor-action%3Aaction%3Dlightbox%26settings%3DeyJpZCI6MzUyMiwidXJsIjoiaHR0cDpcL1wvdmVybmV0dGFyZXN0YXVyYW50ZS5jb21cL3dwLWNvbnRlbnRcL3VwbG9hZHNcLzIwMjNcLzExXC92ZXJuZXR0YS0zLmpwZyIsInNsaWRlc2hvdyI6IjBhZGRlMWUifQ%3D%3D\" href='http:\/\/vernettarestaurante.com\/wp-content\/uploads\/2023\/11\/vernetta-3.jpg'><img loading=\"lazy\" decoding=\"async\" width=\"1024\" height=\"768\" src=\"http:\/\/vernettarestaurante.com\/wp-content\/uploads\/2023\/11\/vernetta-3-1024x768.jpg\" class=\"attachment-large size-large\" alt=\"\" srcset=\"http:\/\/vernettarestaurante.com\/wp-content\/uploads\/2023\/11\/vernetta-3-1024x768.jpg 1024w, http:\/\/vernettarestaurante.com\/wp-content\/uploads\/2023\/11\/vernetta-3-300x225.jpg 300w, http:\/\/vernettarestaurante.com\/wp-content\/uploads\/2023\/11\/vernetta-3-768x576.jpg 768w, http:\/\/vernettarestaurante.com\/wp-content\/uploads\/2023\/11\/vernetta-3-1536x1152.jpg 1536w, http:\/\/vernettarestaurante.com\/wp-content\/uploads\/2023\/11\/vernetta-3-800x600.jpg 800w, http:\/\/vernettarestaurante.com\/wp-content\/uploads\/2023\/11\/vernetta-3-700x525.jpg 700w, http:\/\/vernettarestaurante.com\/wp-content\/uploads\/2023\/11\/vernetta-3.jpg 1600w\" sizes=\"auto, (max-width: 1024px) 100vw, 1024px\" \/><\/a>\n\t\t\t<\/dt><\/dl><br style=\"clear: both\" \/><dl class='gallery-item'>\n\t\t\t<dt class='gallery-icon portrait'>\n\t\t\t\t<a data-elementor-open-lightbox=\"yes\" data-elementor-lightbox-slideshow=\"0adde1e\" data-elementor-lightbox-title=\"vernetta (4)\" e-action-hash=\"#elementor-action%3Aaction%3Dlightbox%26settings%3DeyJpZCI6MzUyMywidXJsIjoiaHR0cDpcL1wvdmVybmV0dGFyZXN0YXVyYW50ZS5jb21cL3dwLWNvbnRlbnRcL3VwbG9hZHNcLzIwMjNcLzExXC92ZXJuZXR0YS00LmpwZyIsInNsaWRlc2hvdyI6IjBhZGRlMWUifQ%3D%3D\" href='http:\/\/vernettarestaurante.com\/wp-content\/uploads\/2023\/11\/vernetta-4.jpg'><img loading=\"lazy\" decoding=\"async\" width=\"768\" height=\"1024\" src=\"http:\/\/vernettarestaurante.com\/wp-content\/uploads\/2023\/11\/vernetta-4-768x1024.jpg\" class=\"attachment-large size-large\" alt=\"\" srcset=\"http:\/\/vernettarestaurante.com\/wp-content\/uploads\/2023\/11\/vernetta-4-768x1024.jpg 768w, http:\/\/vernettarestaurante.com\/wp-content\/uploads\/2023\/11\/vernetta-4-225x300.jpg 225w, http:\/\/vernettarestaurante.com\/wp-content\/uploads\/2023\/11\/vernetta-4-1152x1536.jpg 1152w, http:\/\/vernettarestaurante.com\/wp-content\/uploads\/2023\/11\/vernetta-4-600x800.jpg 600w, http:\/\/vernettarestaurante.com\/wp-content\/uploads\/2023\/11\/vernetta-4-700x933.jpg 700w, http:\/\/vernettarestaurante.com\/wp-content\/uploads\/2023\/11\/vernetta-4.jpg 1200w\" sizes=\"auto, (max-width: 768px) 100vw, 768px\" \/><\/a>\n\t\t\t<\/dt><\/dl><dl class='gallery-item'>\n\t\t\t<dt class='gallery-icon portrait'>\n\t\t\t\t<a data-elementor-open-lightbox=\"yes\" data-elementor-lightbox-slideshow=\"0adde1e\" data-elementor-lightbox-title=\"vernetta (6)\" e-action-hash=\"#elementor-action%3Aaction%3Dlightbox%26settings%3DeyJpZCI6MzUyNiwidXJsIjoiaHR0cDpcL1wvdmVybmV0dGFyZXN0YXVyYW50ZS5jb21cL3dwLWNvbnRlbnRcL3VwbG9hZHNcLzIwMjNcLzExXC92ZXJuZXR0YS02LmpwZyIsInNsaWRlc2hvdyI6IjBhZGRlMWUifQ%3D%3D\" href='http:\/\/vernettarestaurante.com\/wp-content\/uploads\/2023\/11\/vernetta-6.jpg'><img loading=\"lazy\" decoding=\"async\" width=\"768\" height=\"1024\" src=\"http:\/\/vernettarestaurante.com\/wp-content\/uploads\/2023\/11\/vernetta-6-768x1024.jpg\" class=\"attachment-large size-large\" alt=\"\" srcset=\"http:\/\/vernettarestaurante.com\/wp-content\/uploads\/2023\/11\/vernetta-6-768x1024.jpg 768w, http:\/\/vernettarestaurante.com\/wp-content\/uploads\/2023\/11\/vernetta-6-225x300.jpg 225w, http:\/\/vernettarestaurante.com\/wp-content\/uploads\/2023\/11\/vernetta-6-1152x1536.jpg 1152w, http:\/\/vernettarestaurante.com\/wp-content\/uploads\/2023\/11\/vernetta-6-600x800.jpg 600w, http:\/\/vernettarestaurante.com\/wp-content\/uploads\/2023\/11\/vernetta-6-700x933.jpg 700w, http:\/\/vernettarestaurante.com\/wp-content\/uploads\/2023\/11\/vernetta-6.jpg 1200w\" sizes=\"auto, (max-width: 768px) 100vw, 768px\" \/><\/a>\n\t\t\t<\/dt><\/dl><dl class='gallery-item'>\n\t\t\t<dt class='gallery-icon portrait'>\n\t\t\t\t<a data-elementor-open-lightbox=\"yes\" data-elementor-lightbox-slideshow=\"0adde1e\" data-elementor-lightbox-title=\"vernetta (1)\" e-action-hash=\"#elementor-action%3Aaction%3Dlightbox%26settings%3DeyJpZCI6MzUyMCwidXJsIjoiaHR0cDpcL1wvdmVybmV0dGFyZXN0YXVyYW50ZS5jb21cL3dwLWNvbnRlbnRcL3VwbG9hZHNcLzIwMjNcLzExXC92ZXJuZXR0YS0xLmpwZyIsInNsaWRlc2hvdyI6IjBhZGRlMWUifQ%3D%3D\" href='http:\/\/vernettarestaurante.com\/wp-content\/uploads\/2023\/11\/vernetta-1.jpg'><img loading=\"lazy\" decoding=\"async\" width=\"768\" height=\"1024\" src=\"http:\/\/vernettarestaurante.com\/wp-content\/uploads\/2023\/11\/vernetta-1-768x1024.jpg\" class=\"attachment-large size-large\" alt=\"\" srcset=\"http:\/\/vernettarestaurante.com\/wp-content\/uploads\/2023\/11\/vernetta-1-768x1024.jpg 768w, http:\/\/vernettarestaurante.com\/wp-content\/uploads\/2023\/11\/vernetta-1-225x300.jpg 225w, http:\/\/vernettarestaurante.com\/wp-content\/uploads\/2023\/11\/vernetta-1-1152x1536.jpg 1152w, http:\/\/vernettarestaurante.com\/wp-content\/uploads\/2023\/11\/vernetta-1-600x800.jpg 600w, http:\/\/vernettarestaurante.com\/wp-content\/uploads\/2023\/11\/vernetta-1-700x933.jpg 700w, http:\/\/vernettarestaurante.com\/wp-content\/uploads\/2023\/11\/vernetta-1.jpg 1200w\" sizes=\"auto, (max-width: 768px) 100vw, 768px\" \/><\/a>\n\t\t\t<\/dt><\/dl><br style=\"clear: both\" \/>\n\t\t<\/div>\n\t\t<\/div>\n\t\t\t\t<\/div>\n\t\t\t\t<\/div>\n\t\t\t\t\t<\/div>\n\t\t<\/div>\n\t\t\t\t\t\t\t<\/div>\n\t\t<\/section>\n\t\t\t\t\t\t\t<\/div>\n\t\t","protected":false},"excerpt":{"rendered":"<p>Ponencia en el cert\u00e1men gastron\u00f3mico del mediterr\u00e1neo Ponencia en el cert\u00e1men gastron\u00f3mico del mediterr\u00e1neo Gastr\u00f3noma para el Aula del Arroz de la DO Arroz de Valencia. Nuestro chef Pablo Garc\u00eda Vernetta el martes 14 noviembre 2023 en Feria Valencia.<\/p>\n","protected":false},"author":3,"featured_media":0,"parent":0,"menu_order":0,"comment_status":"closed","ping_status":"closed","template":"","meta":{"om_disable_all_campaigns":false,"_monsterinsights_skip_tracking":false,"_monsterinsights_sitenote_active":false,"_monsterinsights_sitenote_note":"","_monsterinsights_sitenote_category":0,"_themeisle_gutenberg_block_has_review":false,"footnotes":""},"class_list":["post-3514","page","type-page","status-publish","hentry"],"aioseo_notices":[],"_links":{"self":[{"href":"http:\/\/vernettarestaurante.com\/index.php\/wp-json\/wp\/v2\/pages\/3514","targetHints":{"allow":["GET"]}}],"collection":[{"href":"http:\/\/vernettarestaurante.com\/index.php\/wp-json\/wp\/v2\/pages"}],"about":[{"href":"http:\/\/vernettarestaurante.com\/index.php\/wp-json\/wp\/v2\/types\/page"}],"author":[{"embeddable":true,"href":"http:\/\/vernettarestaurante.com\/index.php\/wp-json\/wp\/v2\/users\/3"}],"replies":[{"embeddable":true,"href":"http:\/\/vernettarestaurante.com\/index.php\/wp-json\/wp\/v2\/comments?post=3514"}],"version-history":[{"count":31,"href":"http:\/\/vernettarestaurante.com\/index.php\/wp-json\/wp\/v2\/pages\/3514\/revisions"}],"predecessor-version":[{"id":3554,"href":"http:\/\/vernettarestaurante.com\/index.php\/wp-json\/wp\/v2\/pages\/3514\/revisions\/3554"}],"wp:attachment":[{"href":"http:\/\/vernettarestaurante.com\/index.php\/wp-json\/wp\/v2\/media?parent=3514"}],"curies":[{"name":"wp","href":"https:\/\/api.w.org\/{rel}","templated":true}]}}